{"id":8162,"date":"2018-12-19T20:22:47","date_gmt":"2018-12-19T20:22:47","guid":{"rendered":"https:\/\/rentalpanda.es\/?post_type=product&#038;p=8162"},"modified":"2026-04-21T06:27:04","modified_gmt":"2026-04-21T05:27:04","slug":"isofix-silla-de-coche-360grados","status":"publish","type":"product","link":"https:\/\/rentalpanda.es\/es\/produkt\/isofix-babyschale-mieten-mallorca\/","title":{"rendered":"Silla de Coche con Rotaci\u00f3n de 360\u00ba"},"content":{"rendered":"<h2><strong>Isofix Silla de Coche con Rotaci\u00f3n 360\u00ba<\/strong><\/h2>\n<p>El asiento infantil para autom\u00f3vil Isofix se ha desarrollado utilizando tecnolog\u00eda de punta y se basa en el sistema ISOFIX estandarizado internacionalmente: la forma m\u00e1s segura, f\u00e1cil y r\u00e1pida de instalar un asiento infantil para autom\u00f3vil sin tener que usar el cintur\u00f3n de seguridad del veh\u00edculo. Para este prop\u00f3sito, dos conectores de metal estandarizados en la base del asiento para ni\u00f1os est\u00e1n conectados al sistema de anclaje de su autom\u00f3vil de alquiler. Lo mejor de este modelo es: \u00a1se puede girar 360\u00ba!<\/p>\n<h2>Mallorca Isofix Silla de coche 360\u00ba rotaci\u00f3n<\/h2>\n<p>Y si al final tu coche no tiene Isofix, no hay problema: el Reboarder que alquilamos se puede fijar perfectamente solo con los cinturones del coche. Funciona tanto a contramarcha como a favor de la marcha.<\/p>\n<p>Durante sus viajes en autom\u00f3vil por la hermosa Mallorca, su beb\u00e9 est\u00e1 extremadamente bien protegido contra golpes gracias al seguro sistema de protecci\u00f3n contra impactos laterales. Para que sea lo m\u00e1s c\u00f3modo posible para su pareja, el reposacabezas es ajustable en altura y la carcasa se puede colocar en 4 posiciones diferentes.\nSu asiento de coche de alquiler para Mallorca de Rentalpanda.es cumple con la normativa europea R129.<\/p>\n<h3>Beneficios silla de coche Isofix<\/h3>\n<ul>\n<li>Sistema de fijaci\u00f3n seguro Isofix<\/li>\n<li>Tambi\u00e9n se puede sujetar sin Isofix usando el cintur\u00f3n.<\/li>\n<li>Reposacabezas ajustable en altura<\/li>\n<li>Ajustable a 4 posiciones acostadas<\/li>\n<li>Giratorio 360\u00ba<\/li>\n<\/ul>\n<h3>Isofix Silla de Coche Mallorca: Detalles t\u00e9cnicos<\/h3>\n<p>Peso del producto: 9.5 kg<br \/>\nDimensiones AAP: 60x45x45cm<br \/>\nRegulado seg\u00fan norma R129<\/p>\n<p>Adecuado para beb\u00e9s y ni\u00f1os de 0-18 kg.<\/p>","protected":false},"excerpt":{"rendered":"<table>\n<tbody>\n<tr>\n<th>Altura Ni\u00f1o\/a<\/th>\n<td>40 cm \u2013 105 cm<\/td>\n<\/tr>\n<tr>\n<th>Uso a Contramarcha<\/th>\n<td>40 cm \u2013 105 cm<\/td>\n<\/tr>\n<tr>\n<th>Uso en Sentido de Marcha<\/th>\n<td>76 cm \u2013 105 cm<\/td>\n<\/tr>\n<tr>\n<th>Fijaci\u00f3n<\/th>\n<td>ISOFIX<\/td>\n<\/tr>\n<tr>\n<th>Sentido de Viaje<\/th>\n<td>Marcha \/ Contramarcha<\/td>\n<\/tr>\n<tr>\n<th>Homologaci\u00f3n<\/th>\n<td>R129<\/td>\n<\/tr>\n<\/tbody>\n<\/table>\n<p>&nbsp;<\/p>\n<p>Ve sobre seguro durante tus vacaciones en Mallorca y alquila una <strong>Silla de Beb\u00e9 a Contramarcha con Isofix<\/strong>! Gracias a la rotaci\u00f3n de 360\u00b0, tu hijo puede viajar tanto en sentido contrario a la marcha como a favor de la marcha. Apta para ni\u00f1os de 0 a 18 kg.<\/p>\n<p>TENGA EN CUENTA: D\u00eda de llegada + d\u00eda de salida = 2 d\u00edas completos de alquiler (ni el 1er ni el \u00faltimo d\u00eda, los productos se pueden alquilar en otro lugar).<\/p>","protected":false},"featured_media":22843,"comment_status":"open","ping_status":"closed","template":"","meta":[],"product_brand":[],"product_cat":[567,87,90,100],"product_tag":[559,149,564,535,571,847,848],"class_list":{"0":"post-8162","1":"product","2":"type-product","3":"status-publish","4":"has-post-thumbnail","6":"product_cat-autositze","7":"product_cat-baby-kind","8":"product_cat-mieten","9":"product_cat-sicherheit","10":"product_tag-autoschale","11":"product_tag-autositz","12":"product_tag-babyschale","13":"product_tag-isofix","14":"product_tag-reboarder","15":"product_tag-reboarder-mieten","16":"product_tag-reboarder-mieten-mallorca","18":"first","19":"instock","20":"taxable","21":"shipping-taxable","22":"purchasable","23":"product-type-simple"},"yoast_head":"<!-- This site is optimized with the Yoast SEO plugin v27.1.1 - https:\/\/yoast.com\/product\/yoast-seo-wordpress\/ -->\n<title>Reboarder Mieten: Mallorca Babyschale mit Isofix | RentalPanda.es<\/title>\n<meta name=\"description\" content=\"Praktischen Reboarder Mieten auf Mallorca: Mit einer Isofix Babyschale sitzt dein kleiner Liebling in beide Richtungen sicher im Mietwagen (0-18kg).\" \/>\n<meta name=\"robots\" content=\"index, follow, max-snippet:-1, max-image-preview:large, max-video-preview:-1\" \/>\n<link rel=\"canonical\" href=\"https:\/\/rentalpanda.es\/es\/producto\/isofix-silla-de-coche-360grados\/\" \/>\n<meta property=\"og:locale\" content=\"es_ES\" \/>\n<meta property=\"og:type\" content=\"article\" \/>\n<meta property=\"og:title\" content=\"Reboarder Mieten: Mallorca Babyschale mit Isofix | RentalPanda.es\" \/>\n<meta property=\"og:description\" content=\"Praktischen Reboarder Mieten auf Mallorca: Mit einer Isofix Babyschale sitzt dein kleiner Liebling in beide Richtungen sicher im Mietwagen (0-18kg).\" \/>\n<meta property=\"og:url\" content=\"https:\/\/rentalpanda.es\/es\/producto\/isofix-silla-de-coche-360grados\/\" \/>\n<meta property=\"og:site_name\" content=\"RentalPanda.es\" \/>\n<meta property=\"article:publisher\" content=\"https:\/\/www.facebook.com\/rentalpandamallorca\" \/>\n<meta property=\"article:modified_time\" content=\"2026-04-21T05:27:04+00:00\" \/>\n<meta property=\"og:image\" content=\"https:\/\/rentalpanda.es\/wp-content\/uploads\/2018\/12\/isofix-mit-babyschale-mieten-mallorca.png\" \/>\n\t<meta property=\"og:image:width\" content=\"427\" \/>\n\t<meta property=\"og:image:height\" content=\"480\" \/>\n\t<meta property=\"og:image:type\" content=\"image\/png\" \/>\n<meta name=\"twitter:card\" content=\"summary_large_image\" \/>\n<meta name=\"twitter:label1\" content=\"Tiempo de lectura\" \/>\n\t<meta name=\"twitter:data1\" content=\"2 minutos\" \/>\n<script type=\"application\/ld+json\" class=\"yoast-schema-graph\">{\"@context\":\"https:\/\/schema.org\",\"@graph\":[{\"@type\":\"WebPage\",\"@id\":\"https:\/\/rentalpanda.es\/produkt\/isofix-babyschale-mieten-mallorca\/\",\"url\":\"https:\/\/rentalpanda.es\/produkt\/isofix-babyschale-mieten-mallorca\/\",\"name\":\"Reboarder Mieten: Mallorca Babyschale mit Isofix | RentalPanda.es\",\"isPartOf\":{\"@id\":\"https:\/\/rentalpanda.es\/en\/#website\"},\"primaryImageOfPage\":{\"@id\":\"https:\/\/rentalpanda.es\/produkt\/isofix-babyschale-mieten-mallorca\/#primaryimage\"},\"image\":{\"@id\":\"https:\/\/rentalpanda.es\/produkt\/isofix-babyschale-mieten-mallorca\/#primaryimage\"},\"thumbnailUrl\":\"https:\/\/rentalpanda.es\/wp-content\/uploads\/2018\/12\/isofix-mit-babyschale-mieten-mallorca.png\",\"datePublished\":\"2018-12-19T20:22:47+00:00\",\"dateModified\":\"2026-04-21T05:27:04+00:00\",\"description\":\"Praktischen Reboarder Mieten auf Mallorca: Mit einer Isofix Babyschale sitzt dein kleiner Liebling in beide Richtungen sicher im Mietwagen (0-18kg).\",\"breadcrumb\":{\"@id\":\"https:\/\/rentalpanda.es\/produkt\/isofix-babyschale-mieten-mallorca\/#breadcrumb\"},\"inLanguage\":\"es\",\"potentialAction\":[{\"@type\":\"ReadAction\",\"target\":[\"https:\/\/rentalpanda.es\/produkt\/isofix-babyschale-mieten-mallorca\/\"]}]},{\"@type\":\"ImageObject\",\"inLanguage\":\"es\",\"@id\":\"https:\/\/rentalpanda.es\/produkt\/isofix-babyschale-mieten-mallorca\/#primaryimage\",\"url\":\"https:\/\/rentalpanda.es\/wp-content\/uploads\/2018\/12\/isofix-mit-babyschale-mieten-mallorca.png\",\"contentUrl\":\"https:\/\/rentalpanda.es\/wp-content\/uploads\/2018\/12\/isofix-mit-babyschale-mieten-mallorca.png\",\"width\":427,\"height\":480,\"caption\":\"isofix-mit-babyschale-mieten-mallorca\"},{\"@type\":\"BreadcrumbList\",\"@id\":\"https:\/\/rentalpanda.es\/produkt\/isofix-babyschale-mieten-mallorca\/#breadcrumb\",\"itemListElement\":[{\"@type\":\"ListItem\",\"position\":1,\"name\":\"Startseite\",\"item\":\"https:\/\/rentalpanda.es\/\"},{\"@type\":\"ListItem\",\"position\":2,\"name\":\"Shop\",\"item\":\"https:\/\/rentalpanda.es\/shop\/\"},{\"@type\":\"ListItem\",\"position\":3,\"name\":\"Isofix Babyschale 360\u00ba - Reboarder Mieten Mallorca\"}]},{\"@type\":\"WebSite\",\"@id\":\"https:\/\/rentalpanda.es\/en\/#website\",\"url\":\"https:\/\/rentalpanda.es\/en\/\",\"name\":\"RentalPanda.es\",\"description\":\"Baby, Beach &amp; Holiday Gear for Rent\",\"publisher\":{\"@id\":\"https:\/\/rentalpanda.es\/en\/#organization\"},\"potentialAction\":[{\"@type\":\"SearchAction\",\"target\":{\"@type\":\"EntryPoint\",\"urlTemplate\":\"https:\/\/rentalpanda.es\/en\/?s={search_term_string}\"},\"query-input\":{\"@type\":\"PropertyValueSpecification\",\"valueRequired\":true,\"valueName\":\"search_term_string\"}}],\"inLanguage\":\"es\"},{\"@type\":\"Organization\",\"@id\":\"https:\/\/rentalpanda.es\/en\/#organization\",\"name\":\"Rentalpanda.es\",\"url\":\"https:\/\/rentalpanda.es\/en\/\",\"logo\":{\"@type\":\"ImageObject\",\"inLanguage\":\"es\",\"@id\":\"https:\/\/rentalpanda.es\/en\/#\/schema\/logo\/image\/\",\"url\":\"https:\/\/rentalpanda.es\/wp-content\/uploads\/2017\/02\/rentalpanda-logo-webseite-end.png\",\"contentUrl\":\"https:\/\/rentalpanda.es\/wp-content\/uploads\/2017\/02\/rentalpanda-logo-webseite-end.png\",\"width\":260,\"height\":71,\"caption\":\"Rentalpanda.es\"},\"image\":{\"@id\":\"https:\/\/rentalpanda.es\/en\/#\/schema\/logo\/image\/\"},\"sameAs\":[\"https:\/\/www.facebook.com\/rentalpandamallorca\"]}]}<\/script>\n<!-- \/ Yoast SEO plugin. -->","yoast_head_json":{"title":"Silla de Coche Isofix 360\u00ba en Mallorca (0-18kg) | RentalPanda.es","description":"Praktischen Reboarder Mieten auf Mallorca: Mit einer Isofix Babyschale sitzt dein kleiner Liebling in beide Richtungen sicher im Mietwagen (0-18kg).","robots":{"index":"index","follow":"follow","max-snippet":"max-snippet:-1","max-image-preview":"max-image-preview:large","max-video-preview":"max-video-preview:-1"},"canonical":"https:\/\/rentalpanda.es\/es\/producto\/isofix-silla-de-coche-360grados\/","og_locale":"es_ES","og_type":"article","og_title":"Reboarder Mieten: Mallorca Babyschale mit Isofix | RentalPanda.es","og_description":"Praktischen Reboarder Mieten auf Mallorca: Mit einer Isofix Babyschale sitzt dein kleiner Liebling in beide Richtungen sicher im Mietwagen (0-18kg).","og_url":"https:\/\/rentalpanda.es\/es\/producto\/isofix-silla-de-coche-360grados\/","og_site_name":"RentalPanda.es","article_publisher":"https:\/\/www.facebook.com\/rentalpandamallorca","article_modified_time":"2026-04-21T05:27:04+00:00","og_image":[{"width":427,"height":480,"url":"https:\/\/rentalpanda.es\/wp-content\/uploads\/2018\/12\/isofix-mit-babyschale-mieten-mallorca.png","type":"image\/png"}],"twitter_card":"summary_large_image","twitter_misc":{"Tiempo de lectura":"2 minutos"},"schema":{"@context":"https:\/\/schema.org","@graph":[{"@type":"WebPage","@id":"https:\/\/rentalpanda.es\/produkt\/isofix-babyschale-mieten-mallorca\/","url":"https:\/\/rentalpanda.es\/produkt\/isofix-babyschale-mieten-mallorca\/","name":"Silla de Coche Isofix 360\u00ba en Mallorca (0-18kg) | RentalPanda.es","isPartOf":{"@id":"https:\/\/rentalpanda.es\/en\/#website"},"primaryImageOfPage":{"@id":"https:\/\/rentalpanda.es\/produkt\/isofix-babyschale-mieten-mallorca\/#primaryimage"},"image":{"@id":"https:\/\/rentalpanda.es\/produkt\/isofix-babyschale-mieten-mallorca\/#primaryimage"},"thumbnailUrl":"https:\/\/rentalpanda.es\/wp-content\/uploads\/2018\/12\/isofix-mit-babyschale-mieten-mallorca.png","datePublished":"2018-12-19T20:22:47+00:00","dateModified":"2026-04-21T05:27:04+00:00","description":"Praktischen Reboarder Mieten auf Mallorca: Mit einer Isofix Babyschale sitzt dein kleiner Liebling in beide Richtungen sicher im Mietwagen (0-18kg).","breadcrumb":{"@id":"https:\/\/rentalpanda.es\/produkt\/isofix-babyschale-mieten-mallorca\/#breadcrumb"},"inLanguage":"es","potentialAction":[{"@type":"ReadAction","target":["https:\/\/rentalpanda.es\/produkt\/isofix-babyschale-mieten-mallorca\/"]}]},{"@type":"ImageObject","inLanguage":"es","@id":"https:\/\/rentalpanda.es\/produkt\/isofix-babyschale-mieten-mallorca\/#primaryimage","url":"https:\/\/rentalpanda.es\/wp-content\/uploads\/2018\/12\/isofix-mit-babyschale-mieten-mallorca.png","contentUrl":"https:\/\/rentalpanda.es\/wp-content\/uploads\/2018\/12\/isofix-mit-babyschale-mieten-mallorca.png","width":427,"height":480,"caption":"isofix-mit-babyschale-mieten-mallorca"},{"@type":"BreadcrumbList","@id":"https:\/\/rentalpanda.es\/produkt\/isofix-babyschale-mieten-mallorca\/#breadcrumb","itemListElement":[{"@type":"ListItem","position":1,"name":"Startseite","item":"https:\/\/rentalpanda.es\/"},{"@type":"ListItem","position":2,"name":"Shop","item":"https:\/\/rentalpanda.es\/shop\/"},{"@type":"ListItem","position":3,"name":"Isofix Babyschale 360\u00ba - Reboarder Mieten Mallorca"}]},{"@type":"WebSite","@id":"https:\/\/rentalpanda.es\/en\/#website","url":"https:\/\/rentalpanda.es\/en\/","name":"RentalPanda.es","description":"Baby, Beach &amp; Holiday Gear for Rent","publisher":{"@id":"https:\/\/rentalpanda.es\/en\/#organization"},"potentialAction":[{"@type":"SearchAction","target":{"@type":"EntryPoint","urlTemplate":"https:\/\/rentalpanda.es\/en\/?s={search_term_string}"},"query-input":{"@type":"PropertyValueSpecification","valueRequired":true,"valueName":"search_term_string"}}],"inLanguage":"es"},{"@type":"Organization","@id":"https:\/\/rentalpanda.es\/en\/#organization","name":"Rentalpanda.es","url":"https:\/\/rentalpanda.es\/en\/","logo":{"@type":"ImageObject","inLanguage":"es","@id":"https:\/\/rentalpanda.es\/en\/#\/schema\/logo\/image\/","url":"https:\/\/rentalpanda.es\/wp-content\/uploads\/2017\/02\/rentalpanda-logo-webseite-end.png","contentUrl":"https:\/\/rentalpanda.es\/wp-content\/uploads\/2017\/02\/rentalpanda-logo-webseite-end.png","width":260,"height":71,"caption":"Rentalpanda.es"},"image":{"@id":"https:\/\/rentalpanda.es\/en\/#\/schema\/logo\/image\/"},"sameAs":["https:\/\/www.facebook.com\/rentalpandamallorca"]}]}},"_links":{"self":[{"href":"https:\/\/rentalpanda.es\/es\/wp-json\/wp\/v2\/product\/8162","targetHints":{"allow":["GET"]}}],"collection":[{"href":"https:\/\/rentalpanda.es\/es\/wp-json\/wp\/v2\/product"}],"about":[{"href":"https:\/\/rentalpanda.es\/es\/wp-json\/wp\/v2\/types\/product"}],"replies":[{"embeddable":true,"href":"https:\/\/rentalpanda.es\/es\/wp-json\/wp\/v2\/comments?post=8162"}],"wp:featuredmedia":[{"embeddable":true,"href":"https:\/\/rentalpanda.es\/es\/wp-json\/wp\/v2\/media\/22843"}],"wp:attachment":[{"href":"https:\/\/rentalpanda.es\/es\/wp-json\/wp\/v2\/media?parent=8162"}],"wp:term":[{"taxonomy":"product_brand","embeddable":true,"href":"https:\/\/rentalpanda.es\/es\/wp-json\/wp\/v2\/product_brand?post=8162"},{"taxonomy":"product_cat","embeddable":true,"href":"https:\/\/rentalpanda.es\/es\/wp-json\/wp\/v2\/product_cat?post=8162"},{"taxonomy":"product_tag","embeddable":true,"href":"https:\/\/rentalpanda.es\/es\/wp-json\/wp\/v2\/product_tag?post=8162"}],"curies":[{"name":"wp","href":"https:\/\/api.w.org\/{rel}","templated":true}]}}