{"id":5413,"date":"2017-06-10T12:02:40","date_gmt":"2017-06-10T12:02:40","guid":{"rendered":"https:\/\/rentalpanda.es\/?post_type=product&#038;p=5413\/"},"modified":"2026-03-20T06:28:36","modified_gmt":"2026-03-20T05:28:36","slug":"isofix-silla-coche-9-36kg","status":"publish","type":"product","link":"https:\/\/rentalpanda.es\/es\/produkt\/kinder-isofix-autositz-9-36kg\/","title":{"rendered":"Silla Coche Ni\u00f1os Arn\u00e9s ISOFIX"},"content":{"rendered":"<h2><strong>Silla Coche Grupo 1 2 3 Isofix<\/strong><\/h2>\n<p>\u00bfEs posible alquilar una silla de coche con Isofix de alta calidad en Mallorca? \u00a1Por supuesto! Con Rentalpanda puede contratar esta silla Isofix de grupo 1\/2 para sus hijos de 3 a 9 a\u00f1os, para que est\u00e9n completamente protegidos en el coche de alquiler. El dise\u00f1o ergon\u00f3mico se adapta perfectamente al cuerpo de cada ni\u00f1o. Los ni\u00f1os m\u00e1s peque\u00f1os est\u00e1n conectados al sistema de arn\u00e9s de 5 puntos, los ni\u00f1os m\u00e1s grandes de m\u00e1s de 15 kg usan el asiento junto con el arn\u00e9s de 3 puntos del autom\u00f3vil.<\/p>\n<h2>Mallorca Silla Coche Grupo 1 2 3 Isofix<\/h2>\n<p>Las correas c\u00f3modamente acolchadas se pueden ajustar en su altura, y la posici\u00f3n de la altura de la cabeza tambi\u00e9n se puede ajustar. Gracias a la protecci\u00f3n lateral reforzada y acolchada, su hijo se sienta m\u00e1s seguro contra colisiones laterales dentro del autom\u00f3vil.<\/p>\n<h3><strong>Beneficios Silla Coche Grupo 1 2 3 Isofix<\/strong><\/h3>\n<ul>\n<li>Asiento Isofix Grupo 1 con arneses<\/li>\n<li>Asiento Isofix Grupo 2 sin arneses<\/li>\n<li>Producto de alta calidad<\/li>\n<li>Amortiguado de forma segura y c\u00f3moda<\/li>\n<li>F\u00e1cil instalaci\u00f3n con Isofix<\/li>\n<\/ul>\n<h3><strong>Detalles T\u00e9cnicos:<\/strong><\/h3>\n<p>Peso: 7-8kg<br \/>\nDimensiones AAP: 63x45x50cm<br \/>\nMaterial: polipropileno, poli\u00e9ster<\/p>\n<p>Kindersitz mieten Mallorca mit Rental Panda: Geeignet f\u00fcr Kinder ab 3 Jahren und bis zu 150cm Gr\u00f6\u00dfe.<\/p>","protected":false},"excerpt":{"rendered":"<table>\n<tbody>\n<tr>\n<th>Altura Ni\u00f1o\/a<\/th>\n<td>76 cm \u2013 150 cm<\/td>\n<\/tr>\n<tr>\n<th>Con arn\u00e9s<\/th>\n<td>76 cm \u2013 105 cm<\/td>\n<\/tr>\n<tr>\n<th>Sin arn\u00e9s<\/th>\n<td>100 cm \u2013 150 cm<\/td>\n<\/tr>\n<tr>\n<th>Fijaci\u00f3n<\/th>\n<td>ISOFIX<\/td>\n<\/tr>\n<tr>\n<th>Sentido de Viaje<\/th>\n<td>Marcha<\/td>\n<\/tr>\n<tr>\n<th>Homologaci\u00f3n<\/th>\n<td>R129<\/td>\n<\/tr>\n<\/tbody>\n<\/table>\n<p>Exclusivo <strong>Silla Coche Grupo 1 2 3 Isofix<\/strong>: Para ni\u00f1os de 9 a 36kg, con cambio opcional de la posici\u00f3n de la cabeza y muy buena tapicer\u00eda.<\/p>\n<p>TENGA EN CUENTA: D\u00eda de llegada + d\u00eda de salida = 2 d\u00edas completos de alquiler (ni el 1er ni el \u00faltimo d\u00eda, los productos se pueden alquilar en otro lugar).<\/p>","protected":false},"featured_media":22807,"comment_status":"open","ping_status":"closed","template":"","meta":[],"product_brand":[],"product_cat":[567,87,90,100],"product_tag":[149,181,535,161,851,852],"class_list":{"0":"post-5413","1":"product","2":"type-product","3":"status-publish","4":"has-post-thumbnail","6":"product_cat-autositze","7":"product_cat-baby-kind","8":"product_cat-mieten","9":"product_cat-sicherheit","10":"product_tag-autositz","11":"product_tag-gruppe-1-2-3","12":"product_tag-isofix","13":"product_tag-kindersitz-auto","14":"product_tag-kindersitz-mieten","15":"product_tag-kindersitz-mieten-mallorca","17":"first","18":"instock","19":"featured","20":"taxable","21":"shipping-taxable","22":"purchasable","23":"product-type-simple"},"yoast_head":"<!-- This site is optimized with the Yoast SEO plugin v27.1.1 - https:\/\/yoast.com\/product\/yoast-seo-wordpress\/ -->\n<title>Kindersitz Mieten: Mallorca Isofix Autositz 9-36kg | RentalPanda.es<\/title>\n<meta name=\"description\" content=\"Jetzt Kindersitz Mieten Mallorca VOR dem Urlaub! Neue Autositze, sehr guter Preis und Lieferung zum Flughafen. Buche gleich bei Rental Panda!\" \/>\n<meta name=\"robots\" content=\"index, follow, max-snippet:-1, max-image-preview:large, max-video-preview:-1\" \/>\n<link rel=\"canonical\" href=\"https:\/\/rentalpanda.es\/es\/producto\/isofix-silla-coche-9-36kg\/\" \/>\n<meta property=\"og:locale\" content=\"es_ES\" \/>\n<meta property=\"og:type\" content=\"article\" \/>\n<meta property=\"og:title\" content=\"Kindersitz Mieten: Mallorca Isofix Autositz 9-36kg | RentalPanda.es\" \/>\n<meta property=\"og:description\" content=\"Jetzt Kindersitz Mieten Mallorca VOR dem Urlaub! Neue Autositze, sehr guter Preis und Lieferung zum Flughafen. Buche gleich bei Rental Panda!\" \/>\n<meta property=\"og:url\" content=\"https:\/\/rentalpanda.es\/es\/producto\/isofix-silla-coche-9-36kg\/\" \/>\n<meta property=\"og:site_name\" content=\"RentalPanda.es\" \/>\n<meta property=\"article:publisher\" content=\"https:\/\/www.facebook.com\/rentalpandamallorca\" \/>\n<meta property=\"article:modified_time\" content=\"2026-03-20T05:28:36+00:00\" \/>\n<meta property=\"og:image\" content=\"https:\/\/rentalpanda.es\/wp-content\/uploads\/2017\/06\/isofix-kindersitz_mieten_mallorca_gruppe-123.png\" \/>\n\t<meta property=\"og:image:width\" content=\"427\" \/>\n\t<meta property=\"og:image:height\" content=\"480\" \/>\n\t<meta property=\"og:image:type\" content=\"image\/png\" \/>\n<meta name=\"twitter:card\" content=\"summary_large_image\" \/>\n<meta name=\"twitter:label1\" content=\"Tiempo de lectura\" \/>\n\t<meta name=\"twitter:data1\" content=\"1 minuto\" \/>\n<script type=\"application\/ld+json\" class=\"yoast-schema-graph\">{\"@context\":\"https:\/\/schema.org\",\"@graph\":[{\"@type\":\"WebPage\",\"@id\":\"https:\/\/rentalpanda.es\/produkt\/kinder-isofix-autositz-9-36kg\/\",\"url\":\"https:\/\/rentalpanda.es\/produkt\/kinder-isofix-autositz-9-36kg\/\",\"name\":\"Kindersitz Mieten: Mallorca Isofix Autositz 9-36kg | RentalPanda.es\",\"isPartOf\":{\"@id\":\"https:\/\/rentalpanda.es\/en\/#website\"},\"primaryImageOfPage\":{\"@id\":\"https:\/\/rentalpanda.es\/produkt\/kinder-isofix-autositz-9-36kg\/#primaryimage\"},\"image\":{\"@id\":\"https:\/\/rentalpanda.es\/produkt\/kinder-isofix-autositz-9-36kg\/#primaryimage\"},\"thumbnailUrl\":\"https:\/\/rentalpanda.es\/wp-content\/uploads\/2017\/06\/isofix-kindersitz_mieten_mallorca_gruppe-123.png\",\"datePublished\":\"2017-06-10T12:02:40+00:00\",\"dateModified\":\"2026-03-20T05:28:36+00:00\",\"description\":\"Jetzt Kindersitz Mieten Mallorca VOR dem Urlaub! Neue Autositze, sehr guter Preis und Lieferung zum Flughafen. Buche gleich bei Rental Panda!\",\"breadcrumb\":{\"@id\":\"https:\/\/rentalpanda.es\/produkt\/kinder-isofix-autositz-9-36kg\/#breadcrumb\"},\"inLanguage\":\"es\",\"potentialAction\":[{\"@type\":\"ReadAction\",\"target\":[\"https:\/\/rentalpanda.es\/produkt\/kinder-isofix-autositz-9-36kg\/\"]}]},{\"@type\":\"ImageObject\",\"inLanguage\":\"es\",\"@id\":\"https:\/\/rentalpanda.es\/produkt\/kinder-isofix-autositz-9-36kg\/#primaryimage\",\"url\":\"https:\/\/rentalpanda.es\/wp-content\/uploads\/2017\/06\/isofix-kindersitz_mieten_mallorca_gruppe-123.png\",\"contentUrl\":\"https:\/\/rentalpanda.es\/wp-content\/uploads\/2017\/06\/isofix-kindersitz_mieten_mallorca_gruppe-123.png\",\"width\":427,\"height\":480,\"caption\":\"isofix-kindersitz_mieten_mallorca_gruppe-123\"},{\"@type\":\"BreadcrumbList\",\"@id\":\"https:\/\/rentalpanda.es\/produkt\/kinder-isofix-autositz-9-36kg\/#breadcrumb\",\"itemListElement\":[{\"@type\":\"ListItem\",\"position\":1,\"name\":\"Startseite\",\"item\":\"https:\/\/rentalpanda.es\/\"},{\"@type\":\"ListItem\",\"position\":2,\"name\":\"Shop\",\"item\":\"https:\/\/rentalpanda.es\/shop\/\"},{\"@type\":\"ListItem\",\"position\":3,\"name\":\"Kindersitz Mieten: Mallorca Isofix Autositz 9-36kg\"}]},{\"@type\":\"WebSite\",\"@id\":\"https:\/\/rentalpanda.es\/en\/#website\",\"url\":\"https:\/\/rentalpanda.es\/en\/\",\"name\":\"RentalPanda.es\",\"description\":\"Baby, Beach &amp; Holiday Gear for Rent\",\"publisher\":{\"@id\":\"https:\/\/rentalpanda.es\/en\/#organization\"},\"potentialAction\":[{\"@type\":\"SearchAction\",\"target\":{\"@type\":\"EntryPoint\",\"urlTemplate\":\"https:\/\/rentalpanda.es\/en\/?s={search_term_string}\"},\"query-input\":{\"@type\":\"PropertyValueSpecification\",\"valueRequired\":true,\"valueName\":\"search_term_string\"}}],\"inLanguage\":\"es\"},{\"@type\":\"Organization\",\"@id\":\"https:\/\/rentalpanda.es\/en\/#organization\",\"name\":\"Rentalpanda.es\",\"url\":\"https:\/\/rentalpanda.es\/en\/\",\"logo\":{\"@type\":\"ImageObject\",\"inLanguage\":\"es\",\"@id\":\"https:\/\/rentalpanda.es\/en\/#\/schema\/logo\/image\/\",\"url\":\"https:\/\/rentalpanda.es\/wp-content\/uploads\/2017\/02\/rentalpanda-logo-webseite-end.png\",\"contentUrl\":\"https:\/\/rentalpanda.es\/wp-content\/uploads\/2017\/02\/rentalpanda-logo-webseite-end.png\",\"width\":260,\"height\":71,\"caption\":\"Rentalpanda.es\"},\"image\":{\"@id\":\"https:\/\/rentalpanda.es\/en\/#\/schema\/logo\/image\/\"},\"sameAs\":[\"https:\/\/www.facebook.com\/rentalpandamallorca\"]}]}<\/script>\n<!-- \/ Yoast SEO plugin. -->","yoast_head_json":{"title":"Silla Coche Grupo 1 2 3 Isofix (9-36kg) | RentalPanda.es","description":"Alquila tu silla infantil en Mallorca antes del viaje. Asientos nuevos, buen precio y entrega en el aeropuerto con Rental Panda. \u00a1Reserva ya!","robots":{"index":"index","follow":"follow","max-snippet":"max-snippet:-1","max-image-preview":"max-image-preview:large","max-video-preview":"max-video-preview:-1"},"canonical":"https:\/\/rentalpanda.es\/es\/producto\/isofix-silla-coche-9-36kg\/","og_locale":"es_ES","og_type":"article","og_title":"Kindersitz Mieten: Mallorca Isofix Autositz 9-36kg | RentalPanda.es","og_description":"Jetzt Kindersitz Mieten Mallorca VOR dem Urlaub! Neue Autositze, sehr guter Preis und Lieferung zum Flughafen. Buche gleich bei Rental Panda!","og_url":"https:\/\/rentalpanda.es\/es\/producto\/isofix-silla-coche-9-36kg\/","og_site_name":"RentalPanda.es","article_publisher":"https:\/\/www.facebook.com\/rentalpandamallorca","article_modified_time":"2026-03-20T05:28:36+00:00","og_image":[{"width":427,"height":480,"url":"https:\/\/rentalpanda.es\/wp-content\/uploads\/2017\/06\/isofix-kindersitz_mieten_mallorca_gruppe-123.png","type":"image\/png"}],"twitter_card":"summary_large_image","twitter_misc":{"Tiempo de lectura":"1 minuto"},"schema":{"@context":"https:\/\/schema.org","@graph":[{"@type":"WebPage","@id":"https:\/\/rentalpanda.es\/produkt\/kinder-isofix-autositz-9-36kg\/","url":"https:\/\/rentalpanda.es\/produkt\/kinder-isofix-autositz-9-36kg\/","name":"Silla Coche Grupo 1 2 3 Isofix (9-36kg) | RentalPanda.es","isPartOf":{"@id":"https:\/\/rentalpanda.es\/en\/#website"},"primaryImageOfPage":{"@id":"https:\/\/rentalpanda.es\/produkt\/kinder-isofix-autositz-9-36kg\/#primaryimage"},"image":{"@id":"https:\/\/rentalpanda.es\/produkt\/kinder-isofix-autositz-9-36kg\/#primaryimage"},"thumbnailUrl":"https:\/\/rentalpanda.es\/wp-content\/uploads\/2017\/06\/isofix-kindersitz_mieten_mallorca_gruppe-123.png","datePublished":"2017-06-10T12:02:40+00:00","dateModified":"2026-03-20T05:28:36+00:00","description":"Alquila tu silla infantil en Mallorca antes del viaje. Asientos nuevos, buen precio y entrega en el aeropuerto con Rental Panda. \u00a1Reserva ya!","breadcrumb":{"@id":"https:\/\/rentalpanda.es\/produkt\/kinder-isofix-autositz-9-36kg\/#breadcrumb"},"inLanguage":"es","potentialAction":[{"@type":"ReadAction","target":["https:\/\/rentalpanda.es\/produkt\/kinder-isofix-autositz-9-36kg\/"]}]},{"@type":"ImageObject","inLanguage":"es","@id":"https:\/\/rentalpanda.es\/produkt\/kinder-isofix-autositz-9-36kg\/#primaryimage","url":"https:\/\/rentalpanda.es\/wp-content\/uploads\/2017\/06\/isofix-kindersitz_mieten_mallorca_gruppe-123.png","contentUrl":"https:\/\/rentalpanda.es\/wp-content\/uploads\/2017\/06\/isofix-kindersitz_mieten_mallorca_gruppe-123.png","width":427,"height":480,"caption":"isofix-kindersitz_mieten_mallorca_gruppe-123"},{"@type":"BreadcrumbList","@id":"https:\/\/rentalpanda.es\/produkt\/kinder-isofix-autositz-9-36kg\/#breadcrumb","itemListElement":[{"@type":"ListItem","position":1,"name":"Startseite","item":"https:\/\/rentalpanda.es\/"},{"@type":"ListItem","position":2,"name":"Shop","item":"https:\/\/rentalpanda.es\/shop\/"},{"@type":"ListItem","position":3,"name":"Kindersitz Mieten: Mallorca Isofix Autositz 9-36kg"}]},{"@type":"WebSite","@id":"https:\/\/rentalpanda.es\/en\/#website","url":"https:\/\/rentalpanda.es\/en\/","name":"RentalPanda.es","description":"Baby, Beach &amp; Holiday Gear for Rent","publisher":{"@id":"https:\/\/rentalpanda.es\/en\/#organization"},"potentialAction":[{"@type":"SearchAction","target":{"@type":"EntryPoint","urlTemplate":"https:\/\/rentalpanda.es\/en\/?s={search_term_string}"},"query-input":{"@type":"PropertyValueSpecification","valueRequired":true,"valueName":"search_term_string"}}],"inLanguage":"es"},{"@type":"Organization","@id":"https:\/\/rentalpanda.es\/en\/#organization","name":"Rentalpanda.es","url":"https:\/\/rentalpanda.es\/en\/","logo":{"@type":"ImageObject","inLanguage":"es","@id":"https:\/\/rentalpanda.es\/en\/#\/schema\/logo\/image\/","url":"https:\/\/rentalpanda.es\/wp-content\/uploads\/2017\/02\/rentalpanda-logo-webseite-end.png","contentUrl":"https:\/\/rentalpanda.es\/wp-content\/uploads\/2017\/02\/rentalpanda-logo-webseite-end.png","width":260,"height":71,"caption":"Rentalpanda.es"},"image":{"@id":"https:\/\/rentalpanda.es\/en\/#\/schema\/logo\/image\/"},"sameAs":["https:\/\/www.facebook.com\/rentalpandamallorca"]}]}},"_links":{"self":[{"href":"https:\/\/rentalpanda.es\/es\/wp-json\/wp\/v2\/product\/5413","targetHints":{"allow":["GET"]}}],"collection":[{"href":"https:\/\/rentalpanda.es\/es\/wp-json\/wp\/v2\/product"}],"about":[{"href":"https:\/\/rentalpanda.es\/es\/wp-json\/wp\/v2\/types\/product"}],"replies":[{"embeddable":true,"href":"https:\/\/rentalpanda.es\/es\/wp-json\/wp\/v2\/comments?post=5413"}],"wp:featuredmedia":[{"embeddable":true,"href":"https:\/\/rentalpanda.es\/es\/wp-json\/wp\/v2\/media\/22807"}],"wp:attachment":[{"href":"https:\/\/rentalpanda.es\/es\/wp-json\/wp\/v2\/media?parent=5413"}],"wp:term":[{"taxonomy":"product_brand","embeddable":true,"href":"https:\/\/rentalpanda.es\/es\/wp-json\/wp\/v2\/product_brand?post=5413"},{"taxonomy":"product_cat","embeddable":true,"href":"https:\/\/rentalpanda.es\/es\/wp-json\/wp\/v2\/product_cat?post=5413"},{"taxonomy":"product_tag","embeddable":true,"href":"https:\/\/rentalpanda.es\/es\/wp-json\/wp\/v2\/product_tag?post=5413"}],"curies":[{"name":"wp","href":"https:\/\/api.w.org\/{rel}","templated":true}]}}