{"id":13575,"date":"2023-07-10T04:11:14","date_gmt":"2023-07-10T04:11:14","guid":{"rendered":"https:\/\/rentalpanda.es\/?post_type=product&#038;p=13575"},"modified":"2026-04-30T08:04:31","modified_gmt":"2026-04-30T07:04:31","slug":"asientos-de-coche-isize","status":"publish","type":"product","link":"https:\/\/rentalpanda.es\/es\/produkt\/kindersitz-mieten-mallorca\/","title":{"rendered":"Silla de Coche Rotatoria 360 Con Pata"},"content":{"rendered":"<h2><strong>Alquila un asiento de coche en Mallorca: \u00a1Rotaci\u00f3n de 360\u00ba!<\/strong><\/h2>\n<p>Dise\u00f1ado de acuerdo con las regulaciones I-SIZE actuales, este asiento para ni\u00f1os est\u00e1 equipado con la nueva plataforma Isofix 360\u00ba. Puede usarse a contramarcha hasta los 85 cm (aproximadamente 15 meses) o mirando hacia adelante hasta los 105 cm (aproximadamente 4 a\u00f1os). Incluso puedes colocar a tu hijo de costado (ni mirando hacia adelante ni hacia atr\u00e1s) para poder vigilarlo durante el viaje.<\/p>\n<h2>Alquiler de asientos de coche ISIZE con Isofix en Mallorca<\/h2>\n<p>Tu \u00faltimo asiento de coche para alquilar en Mallorca cuenta con un reposacabezas ajustable que se adapta f\u00e1cilmente al tama\u00f1o de tu hijo. Adem\u00e1s, el asiento tiene una protecci\u00f3n lateral muy acolchada que absorbe una parte importante del impacto en caso de colisi\u00f3n lateral. El moderno sistema Isofix asegura una fijaci\u00f3n segura y estable del asiento para ni\u00f1os, gracias a la pata de apoyo, evitando que el asiento gire y manteniendo el \u00e1ngulo correcto.<\/p>\n<h3>Beneficios de alquilar un asiento de coche ISIZE giratorio 360\u00ba:<\/h3>\n<p>Rotaci\u00f3n de 360 grados en cuatro direcciones<br \/>\nModerno sistema de apoyo con pata Isofix<br \/>\nMuy acolchado<br \/>\nPara ni\u00f1os de 45cm a 105cm<\/p>\n<h3>Asiento de coche Isofix ISIZE en Mallorca: Detalles t\u00e9cnicos<\/h3>\n<p>Dimensiones del producto (alto x ancho x profundidad): 59x43x56 cm<br \/>\nMateriales: Inodoro y no t\u00f3xico<br \/>\nPeso del producto: 9 kg<\/p>\n<p>\u00a1Alquila un asiento de coche en Mallorca y asegura la seguridad de tus peque\u00f1os en tu coche de alquiler!<\/p>","protected":false},"excerpt":{"rendered":"<table>\n<tbody>\n<tr>\n<th>Altura Ni\u00f1o\/a<\/th>\n<td>45 cm \u2013 105 cm<\/td>\n<\/tr>\n<tr>\n<th>Uso a Contramarcha<\/th>\n<td>45 cm \u2013 105 cm<\/td>\n<\/tr>\n<tr>\n<th>Uso en Sentido de Marcha<\/th>\n<td>76 cm \u2013 105 cm<\/td>\n<\/tr>\n<tr>\n<th>Fijaci\u00f3n<\/th>\n<td>ISOFIX<\/td>\n<\/tr>\n<tr>\n<th>Sentido de Viaje<\/th>\n<td>Marcha \/ Contramarcha<\/td>\n<\/tr>\n<tr>\n<th>Homologaci\u00f3n<\/th>\n<td>R129<\/td>\n<\/tr>\n<\/tbody>\n<\/table>\n<p>El \u00faltimo <strong>Silla de Coche Rotatoria en Mallorca<\/strong>: El asiento de coche m\u00e1s reciente de su generaci\u00f3n cuenta con un sistema de rotaci\u00f3n de 360 grados con Isofix, que te permite colocar a los m\u00e1s peque\u00f1os de forma f\u00e1cil y c\u00f3moda en cuatro direcciones.<\/p>\n<p>TENGA EN CUENTA: D\u00eda de llegada + d\u00eda de salida = 2 d\u00edas completos de alquiler (ni el 1er ni el \u00faltimo d\u00eda, los productos se pueden alquilar en otro lugar).<\/p>","protected":false},"featured_media":22770,"comment_status":"open","ping_status":"closed","template":"","meta":[],"product_brand":[],"product_cat":[567,87,90,100],"product_tag":[535,851,852],"class_list":{"0":"post-13575","1":"product","2":"type-product","3":"status-publish","4":"has-post-thumbnail","6":"product_cat-autositze","7":"product_cat-baby-kind","8":"product_cat-mieten","9":"product_cat-sicherheit","10":"product_tag-isofix","11":"product_tag-kindersitz-mieten","12":"product_tag-kindersitz-mieten-mallorca","14":"first","15":"instock","16":"taxable","17":"shipping-taxable","18":"purchasable","19":"product-type-simple"},"yoast_head":"<!-- This site is optimized with the Yoast SEO plugin v27.1.1 - https:\/\/yoast.com\/product\/yoast-seo-wordpress\/ -->\n<title>360\u00ba Kindersitz Mieten Mallorca I-SIZE 45-105cm | RentalPanda.es<\/title>\n<meta name=\"description\" content=\"Kindersitz Mieten Mallorca: Der ISIZE Autositz verf\u00fcgt \u00fcber ein 360\u00ba Isofix-Rotationssystem, so dass dein Kind sicher in alle Richtungen schauen kann.\" \/>\n<meta name=\"robots\" content=\"index, follow, max-snippet:-1, max-image-preview:large, max-video-preview:-1\" \/>\n<link rel=\"canonical\" href=\"https:\/\/rentalpanda.es\/es\/producto\/asientos-de-coche-isize\/\" \/>\n<meta property=\"og:locale\" content=\"es_ES\" \/>\n<meta property=\"og:type\" content=\"article\" \/>\n<meta property=\"og:title\" content=\"360\u00ba Kindersitz Mieten Mallorca I-SIZE 45-105cm | RentalPanda.es\" \/>\n<meta property=\"og:description\" content=\"Kindersitz Mieten Mallorca: Der ISIZE Autositz verf\u00fcgt \u00fcber ein 360\u00ba Isofix-Rotationssystem, so dass dein Kind sicher in alle Richtungen schauen kann.\" \/>\n<meta property=\"og:url\" content=\"https:\/\/rentalpanda.es\/es\/producto\/asientos-de-coche-isize\/\" \/>\n<meta property=\"og:site_name\" content=\"RentalPanda.es\" \/>\n<meta property=\"article:publisher\" content=\"https:\/\/www.facebook.com\/rentalpandamallorca\" \/>\n<meta property=\"article:modified_time\" content=\"2026-04-30T07:04:31+00:00\" \/>\n<meta property=\"og:image\" content=\"https:\/\/rentalpanda.es\/wp-content\/uploads\/2023\/07\/kindersitz-mieten-mallorca.png\" \/>\n\t<meta property=\"og:image:width\" content=\"427\" \/>\n\t<meta property=\"og:image:height\" content=\"480\" \/>\n\t<meta property=\"og:image:type\" content=\"image\/png\" \/>\n<meta name=\"twitter:card\" content=\"summary_large_image\" \/>\n<meta name=\"twitter:label1\" content=\"Tiempo de lectura\" \/>\n\t<meta name=\"twitter:data1\" content=\"1 minuto\" \/>\n<script type=\"application\/ld+json\" class=\"yoast-schema-graph\">{\"@context\":\"https:\/\/schema.org\",\"@graph\":[{\"@type\":\"WebPage\",\"@id\":\"https:\/\/rentalpanda.es\/produkt\/kindersitz-mieten-mallorca\/\",\"url\":\"https:\/\/rentalpanda.es\/produkt\/kindersitz-mieten-mallorca\/\",\"name\":\"360\u00ba Kindersitz Mieten Mallorca I-SIZE 45-105cm | RentalPanda.es\",\"isPartOf\":{\"@id\":\"https:\/\/rentalpanda.es\/en\/#website\"},\"primaryImageOfPage\":{\"@id\":\"https:\/\/rentalpanda.es\/produkt\/kindersitz-mieten-mallorca\/#primaryimage\"},\"image\":{\"@id\":\"https:\/\/rentalpanda.es\/produkt\/kindersitz-mieten-mallorca\/#primaryimage\"},\"thumbnailUrl\":\"https:\/\/rentalpanda.es\/wp-content\/uploads\/2023\/07\/kindersitz-mieten-mallorca.png\",\"datePublished\":\"2023-07-10T04:11:14+00:00\",\"dateModified\":\"2026-04-30T07:04:31+00:00\",\"description\":\"Kindersitz Mieten Mallorca: Der ISIZE Autositz verf\u00fcgt \u00fcber ein 360\u00ba Isofix-Rotationssystem, so dass dein Kind sicher in alle Richtungen schauen kann.\",\"breadcrumb\":{\"@id\":\"https:\/\/rentalpanda.es\/produkt\/kindersitz-mieten-mallorca\/#breadcrumb\"},\"inLanguage\":\"es\",\"potentialAction\":[{\"@type\":\"ReadAction\",\"target\":[\"https:\/\/rentalpanda.es\/produkt\/kindersitz-mieten-mallorca\/\"]}]},{\"@type\":\"ImageObject\",\"inLanguage\":\"es\",\"@id\":\"https:\/\/rentalpanda.es\/produkt\/kindersitz-mieten-mallorca\/#primaryimage\",\"url\":\"https:\/\/rentalpanda.es\/wp-content\/uploads\/2023\/07\/kindersitz-mieten-mallorca.png\",\"contentUrl\":\"https:\/\/rentalpanda.es\/wp-content\/uploads\/2023\/07\/kindersitz-mieten-mallorca.png\",\"width\":427,\"height\":480,\"caption\":\"kindersitz-mieten-mallorca\"},{\"@type\":\"BreadcrumbList\",\"@id\":\"https:\/\/rentalpanda.es\/produkt\/kindersitz-mieten-mallorca\/#breadcrumb\",\"itemListElement\":[{\"@type\":\"ListItem\",\"position\":1,\"name\":\"Startseite\",\"item\":\"https:\/\/rentalpanda.es\/\"},{\"@type\":\"ListItem\",\"position\":2,\"name\":\"Shop\",\"item\":\"https:\/\/rentalpanda.es\/shop\/\"},{\"@type\":\"ListItem\",\"position\":3,\"name\":\"360\u00ba Kindersitz Mieten Mallorca: I-SIZE 45-105cm\"}]},{\"@type\":\"WebSite\",\"@id\":\"https:\/\/rentalpanda.es\/en\/#website\",\"url\":\"https:\/\/rentalpanda.es\/en\/\",\"name\":\"RentalPanda.es\",\"description\":\"Baby, Beach &amp; Holiday Gear for Rent\",\"publisher\":{\"@id\":\"https:\/\/rentalpanda.es\/en\/#organization\"},\"potentialAction\":[{\"@type\":\"SearchAction\",\"target\":{\"@type\":\"EntryPoint\",\"urlTemplate\":\"https:\/\/rentalpanda.es\/en\/?s={search_term_string}\"},\"query-input\":{\"@type\":\"PropertyValueSpecification\",\"valueRequired\":true,\"valueName\":\"search_term_string\"}}],\"inLanguage\":\"es\"},{\"@type\":\"Organization\",\"@id\":\"https:\/\/rentalpanda.es\/en\/#organization\",\"name\":\"Rentalpanda.es\",\"url\":\"https:\/\/rentalpanda.es\/en\/\",\"logo\":{\"@type\":\"ImageObject\",\"inLanguage\":\"es\",\"@id\":\"https:\/\/rentalpanda.es\/en\/#\/schema\/logo\/image\/\",\"url\":\"https:\/\/rentalpanda.es\/wp-content\/uploads\/2017\/02\/rentalpanda-logo-webseite-end.png\",\"contentUrl\":\"https:\/\/rentalpanda.es\/wp-content\/uploads\/2017\/02\/rentalpanda-logo-webseite-end.png\",\"width\":260,\"height\":71,\"caption\":\"Rentalpanda.es\"},\"image\":{\"@id\":\"https:\/\/rentalpanda.es\/en\/#\/schema\/logo\/image\/\"},\"sameAs\":[\"https:\/\/www.facebook.com\/rentalpandamallorca\"]}]}<\/script>\n<!-- \/ Yoast SEO plugin. -->","yoast_head_json":{"title":"Asientos de Coche ISIZE en Mallorca: De 45 a 105 cm | RentalPanda.es","description":"Alquila una silla de coche para ni\u00f1os en Mallorca: La silla ISIZE cuenta con un sistema de rotaci\u00f3n 360\u00ba Isofix, garantizando la seguridad y comodidad de tu hijo en todas las direcciones. \u00a1Reserva ahora!","robots":{"index":"index","follow":"follow","max-snippet":"max-snippet:-1","max-image-preview":"max-image-preview:large","max-video-preview":"max-video-preview:-1"},"canonical":"https:\/\/rentalpanda.es\/es\/producto\/asientos-de-coche-isize\/","og_locale":"es_ES","og_type":"article","og_title":"360\u00ba Kindersitz Mieten Mallorca I-SIZE 45-105cm | RentalPanda.es","og_description":"Kindersitz Mieten Mallorca: Der ISIZE Autositz verf\u00fcgt \u00fcber ein 360\u00ba Isofix-Rotationssystem, so dass dein Kind sicher in alle Richtungen schauen kann.","og_url":"https:\/\/rentalpanda.es\/es\/producto\/asientos-de-coche-isize\/","og_site_name":"RentalPanda.es","article_publisher":"https:\/\/www.facebook.com\/rentalpandamallorca","article_modified_time":"2026-04-30T07:04:31+00:00","og_image":[{"width":427,"height":480,"url":"https:\/\/rentalpanda.es\/wp-content\/uploads\/2023\/07\/kindersitz-mieten-mallorca.png","type":"image\/png"}],"twitter_card":"summary_large_image","twitter_misc":{"Tiempo de lectura":"1 minuto"},"schema":{"@context":"https:\/\/schema.org","@graph":[{"@type":"WebPage","@id":"https:\/\/rentalpanda.es\/produkt\/kindersitz-mieten-mallorca\/","url":"https:\/\/rentalpanda.es\/produkt\/kindersitz-mieten-mallorca\/","name":"Asientos de Coche ISIZE en Mallorca: De 45 a 105 cm | RentalPanda.es","isPartOf":{"@id":"https:\/\/rentalpanda.es\/en\/#website"},"primaryImageOfPage":{"@id":"https:\/\/rentalpanda.es\/produkt\/kindersitz-mieten-mallorca\/#primaryimage"},"image":{"@id":"https:\/\/rentalpanda.es\/produkt\/kindersitz-mieten-mallorca\/#primaryimage"},"thumbnailUrl":"https:\/\/rentalpanda.es\/wp-content\/uploads\/2023\/07\/kindersitz-mieten-mallorca.png","datePublished":"2023-07-10T04:11:14+00:00","dateModified":"2026-04-30T07:04:31+00:00","description":"Alquila una silla de coche para ni\u00f1os en Mallorca: La silla ISIZE cuenta con un sistema de rotaci\u00f3n 360\u00ba Isofix, garantizando la seguridad y comodidad de tu hijo en todas las direcciones. \u00a1Reserva ahora!","breadcrumb":{"@id":"https:\/\/rentalpanda.es\/produkt\/kindersitz-mieten-mallorca\/#breadcrumb"},"inLanguage":"es","potentialAction":[{"@type":"ReadAction","target":["https:\/\/rentalpanda.es\/produkt\/kindersitz-mieten-mallorca\/"]}]},{"@type":"ImageObject","inLanguage":"es","@id":"https:\/\/rentalpanda.es\/produkt\/kindersitz-mieten-mallorca\/#primaryimage","url":"https:\/\/rentalpanda.es\/wp-content\/uploads\/2023\/07\/kindersitz-mieten-mallorca.png","contentUrl":"https:\/\/rentalpanda.es\/wp-content\/uploads\/2023\/07\/kindersitz-mieten-mallorca.png","width":427,"height":480,"caption":"kindersitz-mieten-mallorca"},{"@type":"BreadcrumbList","@id":"https:\/\/rentalpanda.es\/produkt\/kindersitz-mieten-mallorca\/#breadcrumb","itemListElement":[{"@type":"ListItem","position":1,"name":"Startseite","item":"https:\/\/rentalpanda.es\/"},{"@type":"ListItem","position":2,"name":"Shop","item":"https:\/\/rentalpanda.es\/shop\/"},{"@type":"ListItem","position":3,"name":"360\u00ba Kindersitz Mieten Mallorca: I-SIZE 45-105cm"}]},{"@type":"WebSite","@id":"https:\/\/rentalpanda.es\/en\/#website","url":"https:\/\/rentalpanda.es\/en\/","name":"RentalPanda.es","description":"Baby, Beach &amp; Holiday Gear for Rent","publisher":{"@id":"https:\/\/rentalpanda.es\/en\/#organization"},"potentialAction":[{"@type":"SearchAction","target":{"@type":"EntryPoint","urlTemplate":"https:\/\/rentalpanda.es\/en\/?s={search_term_string}"},"query-input":{"@type":"PropertyValueSpecification","valueRequired":true,"valueName":"search_term_string"}}],"inLanguage":"es"},{"@type":"Organization","@id":"https:\/\/rentalpanda.es\/en\/#organization","name":"Rentalpanda.es","url":"https:\/\/rentalpanda.es\/en\/","logo":{"@type":"ImageObject","inLanguage":"es","@id":"https:\/\/rentalpanda.es\/en\/#\/schema\/logo\/image\/","url":"https:\/\/rentalpanda.es\/wp-content\/uploads\/2017\/02\/rentalpanda-logo-webseite-end.png","contentUrl":"https:\/\/rentalpanda.es\/wp-content\/uploads\/2017\/02\/rentalpanda-logo-webseite-end.png","width":260,"height":71,"caption":"Rentalpanda.es"},"image":{"@id":"https:\/\/rentalpanda.es\/en\/#\/schema\/logo\/image\/"},"sameAs":["https:\/\/www.facebook.com\/rentalpandamallorca"]}]}},"_links":{"self":[{"href":"https:\/\/rentalpanda.es\/es\/wp-json\/wp\/v2\/product\/13575","targetHints":{"allow":["GET"]}}],"collection":[{"href":"https:\/\/rentalpanda.es\/es\/wp-json\/wp\/v2\/product"}],"about":[{"href":"https:\/\/rentalpanda.es\/es\/wp-json\/wp\/v2\/types\/product"}],"replies":[{"embeddable":true,"href":"https:\/\/rentalpanda.es\/es\/wp-json\/wp\/v2\/comments?post=13575"}],"wp:featuredmedia":[{"embeddable":true,"href":"https:\/\/rentalpanda.es\/es\/wp-json\/wp\/v2\/media\/22770"}],"wp:attachment":[{"href":"https:\/\/rentalpanda.es\/es\/wp-json\/wp\/v2\/media?parent=13575"}],"wp:term":[{"taxonomy":"product_brand","embeddable":true,"href":"https:\/\/rentalpanda.es\/es\/wp-json\/wp\/v2\/product_brand?post=13575"},{"taxonomy":"product_cat","embeddable":true,"href":"https:\/\/rentalpanda.es\/es\/wp-json\/wp\/v2\/product_cat?post=13575"},{"taxonomy":"product_tag","embeddable":true,"href":"https:\/\/rentalpanda.es\/es\/wp-json\/wp\/v2\/product_tag?post=13575"}],"curies":[{"name":"wp","href":"https:\/\/api.w.org\/{rel}","templated":true}]}}